{"id":2913,"date":"2026-01-27T13:42:23","date_gmt":"2026-01-27T13:42:23","guid":{"rendered":"https:\/\/www.idesa.com.py\/blog\/?page_id=2913"},"modified":"2026-01-27T13:46:21","modified_gmt":"2026-01-27T13:46:21","slug":"barrio-cerrado-villa-las-mercedes-contacto-landing-campana","status":"publish","type":"page","link":"https:\/\/www.idesa.com.py\/blog\/barrio-cerrado-villa-las-mercedes-contacto-landing-campana\/","title":{"rendered":"BARRIO CERRADO VILLA LAS MERCEDES \/ Contacto \/ Landing Campa\u00f1a"},"content":{"rendered":"\t\t<div data-elementor-type=\"wp-page\" data-elementor-id=\"2913\" class=\"elementor elementor-2913\" data-elementor-post-type=\"page\">\n\t\t\t\t\t\t<section class=\"elementor-section elementor-top-section elementor-element elementor-element-80163c2 elementor-section-full_width elementor-section-height-min-height sc_layouts_row sc_layouts_row_type_narrow elementor-section-height-default elementor-section-items-middle\" data-id=\"80163c2\" data-element_type=\"section\" data-settings=\"{&quot;background_background&quot;:&quot;classic&quot;}\">\n\t\t\t\t\t\t\t<div class=\"elementor-background-overlay\"><\/div>\n\t\t\t\t\t\t\t<div class=\"elementor-container elementor-column-gap-extended\">\n\t\t\t\t\t<div class=\"elementor-column elementor-col-100 elementor-top-column elementor-element elementor-element-18f2084 sc_inner_width_none sc_content_align_inherit sc_layouts_column_icons_position_left\" data-id=\"18f2084\" data-element_type=\"column\">\n\t\t\t<div class=\"elementor-widget-wrap elementor-element-populated\">\n\t\t\t\t\t\t<div class=\"elementor-element elementor-element-81fb565 sc_fly_static elementor-widget elementor-widget-heading\" data-id=\"81fb565\" data-element_type=\"widget\" data-widget_type=\"heading.default\">\n\t\t\t\t<div class=\"elementor-widget-container\">\n\t\t\t\t\t<h2 class=\"elementor-heading-title elementor-size-default\">Viv\u00ed el verano todo el a\u00f1o\n<\/h2>\t\t\t\t<\/div>\n\t\t\t\t<\/div>\n\t\t\t\t<div class=\"elementor-element elementor-element-25a73b3 sc_fly_static elementor-widget elementor-widget-text-editor\" data-id=\"25a73b3\" data-element_type=\"widget\" data-widget_type=\"text-editor.default\">\n\t\t\t\t<div class=\"elementor-widget-container\">\n\t\t\t\t\t\t\t\t\t<p style=\"text-align: center;\"><span style=\"color: #ffffff;\">Barrio cerrado en San Bernardino, con vista al lago y financiaci\u00f3n propia<\/span><\/p>\t\t\t\t\t\t\t\t<\/div>\n\t\t\t\t<\/div>\n\t\t\t\t<div class=\"elementor-element elementor-element-209968c elementor-align-center elementor-mobile-align-justify sc_fly_static elementor-widget elementor-widget-button\" data-id=\"209968c\" data-element_type=\"widget\" data-widget_type=\"button.default\">\n\t\t\t\t<div class=\"elementor-widget-container\">\n\t\t\t\t\t\t\t\t\t<div class=\"elementor-button-wrapper\">\n\t\t\t\t\t<a class=\"elementor-button elementor-button-link elementor-size-sm\" href=\"https:\/\/wa.me\/595972413100?text=Hola%20quiero%20informaci\u00f3n%20sobre%20Villa%20Las%20Mercedes\">\n\t\t\t\t\t\t<span class=\"elementor-button-content-wrapper\">\n\t\t\t\t\t\t\t\t\t<span class=\"elementor-button-text\">Agend\u00e1 tu visita<\/span>\n\t\t\t\t\t<\/span>\n\t\t\t\t\t<\/a>\n\t\t\t\t<\/div>\n\t\t\t\t\t\t\t\t<\/div>\n\t\t\t\t<\/div>\n\t\t\t\t\t<\/div>\n\t\t<\/div>\n\t\t\t\t\t<\/div>\n\t\t<\/section>\n\t\t\t\t<section class=\"elementor-section elementor-top-section elementor-element elementor-element-33be770 elementor-section-boxed elementor-section-height-default elementor-section-height-default\" data-id=\"33be770\" data-element_type=\"section\">\n\t\t\t\t\t\t<div class=\"elementor-container elementor-column-gap-extended\">\n\t\t\t\t\t<div class=\"elementor-column elementor-col-100 elementor-top-column elementor-element elementor-element-0b6d801 sc_inner_width_none sc_content_align_inherit sc_layouts_column_icons_position_left\" data-id=\"0b6d801\" data-element_type=\"column\">\n\t\t\t<div class=\"elementor-widget-wrap\">\n\t\t\t\t\t\t\t<\/div>\n\t\t<\/div>\n\t\t\t\t\t<\/div>\n\t\t<\/section>\n\t\t\t\t<section class=\"elementor-section elementor-top-section elementor-element elementor-element-227fed9 elementor-section-boxed elementor-section-height-default elementor-section-height-default\" data-id=\"227fed9\" data-element_type=\"section\">\n\t\t\t\t\t\t<div class=\"elementor-container elementor-column-gap-extended\">\n\t\t\t\t\t<div class=\"elementor-column elementor-col-100 elementor-top-column elementor-element elementor-element-c810526 sc_inner_width_none sc_content_align_inherit sc_layouts_column_icons_position_left\" data-id=\"c810526\" data-element_type=\"column\">\n\t\t\t<div class=\"elementor-widget-wrap elementor-element-populated\">\n\t\t\t\t\t\t<div class=\"elementor-element elementor-element-65c15c6 elementor-button-align-stretch sc_fly_static elementor-widget elementor-widget-form\" data-id=\"65c15c6\" data-element_type=\"widget\" data-settings=\"{&quot;step_next_label&quot;:&quot;Next&quot;,&quot;step_previous_label&quot;:&quot;Previous&quot;,&quot;button_width&quot;:&quot;100&quot;,&quot;step_type&quot;:&quot;number_text&quot;,&quot;step_icon_shape&quot;:&quot;circle&quot;}\" data-widget_type=\"form.default\">\n\t\t\t\t<div class=\"elementor-widget-container\">\n\t\t\t\t\t\t\t<form class=\"elementor-form\" method=\"post\" name=\"New Form\" aria-label=\"New Form\">\n\t\t\t<input type=\"hidden\" name=\"post_id\" value=\"2913\"\/>\n\t\t\t<input type=\"hidden\" name=\"form_id\" value=\"65c15c6\"\/>\n\t\t\t<input type=\"hidden\" name=\"referer_title\" value=\"BARRIO CERRADO VILLA LAS MERCEDES \/ Contacto \/ Landing Campa\u00f1a - Blog Inmobiliaria del Este\" \/>\n\n\t\t\t\t\t\t\t<input type=\"hidden\" name=\"queried_id\" value=\"2913\"\/>\n\t\t\t\n\t\t\t<div class=\"elementor-form-fields-wrapper elementor-labels-above\">\n\t\t\t\t\t\t\t\t<div class=\"elementor-field-type-text elementor-field-group elementor-column elementor-field-group-name elementor-col-100 elementor-field-required\">\n\t\t\t\t\t\t\t\t\t\t\t\t<label for=\"form-field-name\" class=\"elementor-field-label\">\n\t\t\t\t\t\t\t\tNombre y Apellido\t\t\t\t\t\t\t<\/label>\n\t\t\t\t\t\t\t\t\t\t\t\t\t\t<input size=\"1\" type=\"text\" name=\"form_fields[name]\" id=\"form-field-name\" class=\"elementor-field elementor-size-sm  elementor-field-textual\" placeholder=\"Nombre y Apellido\" required=\"required\">\n\t\t\t\t\t\t\t\t\t\t\t<\/div>\n\t\t\t\t\t\t\t\t<div class=\"elementor-field-type-email elementor-field-group elementor-column elementor-field-group-email elementor-col-100 elementor-field-required\">\n\t\t\t\t\t\t\t\t\t\t\t\t<label for=\"form-field-email\" class=\"elementor-field-label\">\n\t\t\t\t\t\t\t\tCorreo Electr\u00f3nico\t\t\t\t\t\t\t<\/label>\n\t\t\t\t\t\t\t\t\t\t\t\t\t\t<input size=\"1\" type=\"email\" name=\"form_fields[email]\" id=\"form-field-email\" class=\"elementor-field elementor-size-sm  elementor-field-textual\" placeholder=\"Correo Electr\u00f3nico\" required=\"required\">\n\t\t\t\t\t\t\t\t\t\t\t<\/div>\n\t\t\t\t\t\t\t\t<div class=\"elementor-field-type-tel elementor-field-group elementor-column elementor-field-group-celular elementor-col-100 elementor-field-required\">\n\t\t\t\t\t\t\t\t\t\t\t\t<label for=\"form-field-celular\" class=\"elementor-field-label\">\n\t\t\t\t\t\t\t\tCelular\t\t\t\t\t\t\t<\/label>\n\t\t\t\t\t\t\t\t<input size=\"1\" type=\"tel\" name=\"form_fields[celular]\" id=\"form-field-celular\" class=\"elementor-field elementor-size-sm  elementor-field-textual\" placeholder=\"09XX XXX XXX\" required=\"required\" pattern=\"[0-9()#&amp;+*-=.]+\" title=\"Only numbers and phone characters (#, -, *, etc) are accepted.\">\n\n\t\t\t\t\t\t<\/div>\n\t\t\t\t\t\t\t\t<div class=\"elementor-field-group elementor-column elementor-field-type-submit elementor-col-100 e-form__buttons\">\n\t\t\t\t\t<button class=\"elementor-button elementor-size-sm\" type=\"submit\">\n\t\t\t\t\t\t<span class=\"elementor-button-content-wrapper\">\n\t\t\t\t\t\t\t\t\t\t\t\t\t\t\t\t\t\t\t\t\t\t<span class=\"elementor-button-text\">Quiero que me contacten<\/span>\n\t\t\t\t\t\t\t\t\t\t\t\t\t<\/span>\n\t\t\t\t\t<\/button>\n\t\t\t\t<\/div>\n\t\t\t<\/div>\n\t\t<\/form>\n\t\t\t\t\t\t<\/div>\n\t\t\t\t<\/div>\n\t\t\t\t\t<\/div>\n\t\t<\/div>\n\t\t\t\t\t<\/div>\n\t\t<\/section>\n\t\t\t\t<section class=\"elementor-section elementor-top-section elementor-element elementor-element-a79b603 elementor-section-boxed elementor-section-height-default elementor-section-height-default\" data-id=\"a79b603\" data-element_type=\"section\">\n\t\t\t\t\t\t<div class=\"elementor-container elementor-column-gap-extended\">\n\t\t\t\t\t<div class=\"elementor-column elementor-col-100 elementor-top-column elementor-element elementor-element-e8edc6f sc_inner_width_none sc_content_align_inherit sc_layouts_column_icons_position_left\" data-id=\"e8edc6f\" data-element_type=\"column\">\n\t\t\t<div class=\"elementor-widget-wrap\">\n\t\t\t\t\t\t\t<\/div>\n\t\t<\/div>\n\t\t\t\t\t<\/div>\n\t\t<\/section>\n\t\t\t\t<section class=\"elementor-section elementor-top-section elementor-element elementor-element-2834529 elementor-section-boxed elementor-section-height-default elementor-section-height-default\" data-id=\"2834529\" data-element_type=\"section\">\n\t\t\t\t\t\t<div class=\"elementor-container elementor-column-gap-extended\">\n\t\t\t\t\t<div class=\"elementor-column elementor-col-100 elementor-top-column elementor-element elementor-element-6c0af68 sc_inner_width_none sc_content_align_inherit sc_layouts_column_icons_position_left\" data-id=\"6c0af68\" data-element_type=\"column\">\n\t\t\t<div class=\"elementor-widget-wrap elementor-element-populated\">\n\t\t\t\t\t\t\t<\/div>\n\t\t<\/div>\n\t\t\t\t\t<\/div>\n\t\t<\/section>\n\t\t\t\t<section class=\"elementor-section elementor-top-section elementor-element elementor-element-80fde67 elementor-section-boxed elementor-section-height-default elementor-section-height-default\" data-id=\"80fde67\" data-element_type=\"section\">\n\t\t\t\t\t\t<div class=\"elementor-container elementor-column-gap-extended\">\n\t\t\t\t\t<div class=\"elementor-column elementor-col-100 elementor-top-column elementor-element elementor-element-e8a1858 sc_inner_width_none sc_content_align_inherit sc_layouts_column_icons_position_left\" data-id=\"e8a1858\" data-element_type=\"column\">\n\t\t\t<div class=\"elementor-widget-wrap elementor-element-populated\">\n\t\t\t\t\t\t\t<\/div>\n\t\t<\/div>\n\t\t\t\t\t<\/div>\n\t\t<\/section>\n\t\t\t\t<\/div>\n\t\t","protected":false},"excerpt":{"rendered":"<p>Viv\u00ed el verano todo el a\u00f1o Barrio cerrado en San Bernardino, con vista al lago y financiaci\u00f3n propia Agend\u00e1 tu visita<\/p>\n","protected":false},"author":990004,"featured_media":2968,"parent":0,"menu_order":0,"comment_status":"closed","ping_status":"closed","template":"elementor_canvas","meta":{"footnotes":""},"class_list":["post-2913","page","type-page","status-publish","has-post-thumbnail","hentry"],"yoast_head":"<!-- This site is optimized with the Yoast SEO plugin v24.0 - https:\/\/yoast.com\/wordpress\/plugins\/seo\/ -->\n<title>BARRIO CERRADO VILLA LAS MERCEDES \/ Contacto \/ Landing Campa\u00f1a - Blog Inmobiliaria del Este<\/title>\n<meta name=\"robots\" content=\"noindex, follow, max-snippet:-1, max-image-preview:large, max-video-preview:-1\" \/>\n<meta property=\"og:locale\" content=\"es_MX\" \/>\n<meta property=\"og:type\" content=\"article\" \/>\n<meta property=\"og:title\" content=\"BARRIO CERRADO VILLA LAS MERCEDES \/ Contacto \/ Landing Campa\u00f1a - Blog Inmobiliaria del Este\" \/>\n<meta property=\"og:description\" content=\"Viv\u00ed el verano todo el a\u00f1o Barrio cerrado en San Bernardino, con vista al lago y financiaci\u00f3n propia Agend\u00e1 tu visita\" \/>\n<meta property=\"og:url\" content=\"https:\/\/www.idesa.com.py\/blog\/barrio-cerrado-villa-las-mercedes-contacto-landing-campana\/\" \/>\n<meta property=\"og:site_name\" content=\"Blog Inmobiliaria del Este\" \/>\n<meta property=\"article:publisher\" content=\"https:\/\/www.facebook.com\/IdesaPY\" \/>\n<meta property=\"article:modified_time\" content=\"2026-01-27T13:46:21+00:00\" \/>\n<meta property=\"og:image\" content=\"https:\/\/www.idesa.com.py\/blog\/wp-content\/uploads\/2026\/01\/DJI_0201-1024x767.jpg\" \/>\n\t<meta property=\"og:image:width\" content=\"1024\" \/>\n\t<meta property=\"og:image:height\" content=\"767\" \/>\n\t<meta property=\"og:image:type\" content=\"image\/jpeg\" \/>\n<meta name=\"twitter:card\" content=\"summary_large_image\" \/>\n<meta name=\"twitter:site\" content=\"@Idesa_py\" \/>\n<meta name=\"twitter:label1\" content=\"Tiempo de lectura\" \/>\n\t<meta name=\"twitter:data1\" content=\"1 minuto\" \/>\n<script type=\"application\/ld+json\" class=\"yoast-schema-graph\">{\"@context\":\"https:\/\/schema.org\",\"@graph\":[{\"@type\":\"WebPage\",\"@id\":\"https:\/\/www.idesa.com.py\/blog\/barrio-cerrado-villa-las-mercedes-contacto-landing-campana\/\",\"url\":\"https:\/\/www.idesa.com.py\/blog\/barrio-cerrado-villa-las-mercedes-contacto-landing-campana\/\",\"name\":\"BARRIO CERRADO VILLA LAS MERCEDES \/ Contacto \/ Landing Campa\u00f1a - Blog Inmobiliaria del Este\",\"isPartOf\":{\"@id\":\"https:\/\/www.idesa.com.py\/blog\/#website\"},\"primaryImageOfPage\":{\"@id\":\"https:\/\/www.idesa.com.py\/blog\/barrio-cerrado-villa-las-mercedes-contacto-landing-campana\/#primaryimage\"},\"image\":{\"@id\":\"https:\/\/www.idesa.com.py\/blog\/barrio-cerrado-villa-las-mercedes-contacto-landing-campana\/#primaryimage\"},\"thumbnailUrl\":\"https:\/\/www.idesa.com.py\/blog\/wp-content\/uploads\/2026\/01\/DJI_0201-scaled.jpg\",\"datePublished\":\"2026-01-27T13:42:23+00:00\",\"dateModified\":\"2026-01-27T13:46:21+00:00\",\"breadcrumb\":{\"@id\":\"https:\/\/www.idesa.com.py\/blog\/barrio-cerrado-villa-las-mercedes-contacto-landing-campana\/#breadcrumb\"},\"inLanguage\":\"es\",\"potentialAction\":[{\"@type\":\"ReadAction\",\"target\":[\"https:\/\/www.idesa.com.py\/blog\/barrio-cerrado-villa-las-mercedes-contacto-landing-campana\/\"]}]},{\"@type\":\"ImageObject\",\"inLanguage\":\"es\",\"@id\":\"https:\/\/www.idesa.com.py\/blog\/barrio-cerrado-villa-las-mercedes-contacto-landing-campana\/#primaryimage\",\"url\":\"https:\/\/www.idesa.com.py\/blog\/wp-content\/uploads\/2026\/01\/DJI_0201-scaled.jpg\",\"contentUrl\":\"https:\/\/www.idesa.com.py\/blog\/wp-content\/uploads\/2026\/01\/DJI_0201-scaled.jpg\",\"width\":2560,\"height\":1917},{\"@type\":\"BreadcrumbList\",\"@id\":\"https:\/\/www.idesa.com.py\/blog\/barrio-cerrado-villa-las-mercedes-contacto-landing-campana\/#breadcrumb\",\"itemListElement\":[{\"@type\":\"ListItem\",\"position\":1,\"name\":\"Inicio\",\"item\":\"https:\/\/www.idesa.com.py\/blog\/\"},{\"@type\":\"ListItem\",\"position\":2,\"name\":\"BARRIO CERRADO VILLA LAS MERCEDES \/ Contacto \/ Landing Campa\u00f1a\"}]},{\"@type\":\"WebSite\",\"@id\":\"https:\/\/www.idesa.com.py\/blog\/#website\",\"url\":\"https:\/\/www.idesa.com.py\/blog\/\",\"name\":\"Blog IDESA\",\"description\":\"Inmobiliaria del Este - M\u00e1ximo Respaldo a tu inversi\u00f3n\",\"publisher\":{\"@id\":\"https:\/\/www.idesa.com.py\/blog\/#organization\"},\"potentialAction\":[{\"@type\":\"SearchAction\",\"target\":{\"@type\":\"EntryPoint\",\"urlTemplate\":\"https:\/\/www.idesa.com.py\/blog\/?s={search_term_string}\"},\"query-input\":{\"@type\":\"PropertyValueSpecification\",\"valueRequired\":true,\"valueName\":\"search_term_string\"}}],\"inLanguage\":\"es\"},{\"@type\":\"Organization\",\"@id\":\"https:\/\/www.idesa.com.py\/blog\/#organization\",\"name\":\"Blog IDESA\",\"url\":\"https:\/\/www.idesa.com.py\/blog\/\",\"logo\":{\"@type\":\"ImageObject\",\"inLanguage\":\"es\",\"@id\":\"https:\/\/www.idesa.com.py\/blog\/#\/schema\/logo\/image\/\",\"url\":\"https:\/\/www.idesa.com.py\/blog\/wp-content\/uploads\/2024\/05\/cropped-Proyecto-nuevo-1.png\",\"contentUrl\":\"https:\/\/www.idesa.com.py\/blog\/wp-content\/uploads\/2024\/05\/cropped-Proyecto-nuevo-1.png\",\"width\":512,\"height\":512,\"caption\":\"Blog IDESA\"},\"image\":{\"@id\":\"https:\/\/www.idesa.com.py\/blog\/#\/schema\/logo\/image\/\"},\"sameAs\":[\"https:\/\/www.facebook.com\/IdesaPY\",\"https:\/\/x.com\/Idesa_py\",\"https:\/\/www.instagram.com\/inmobiliariadeleste\/\"]}]}<\/script>\n<!-- \/ Yoast SEO plugin. -->","yoast_head_json":{"title":"BARRIO CERRADO VILLA LAS MERCEDES \/ Contacto \/ Landing Campa\u00f1a - Blog Inmobiliaria del Este","robots":{"index":"noindex","follow":"follow","max-snippet":"max-snippet:-1","max-image-preview":"max-image-preview:large","max-video-preview":"max-video-preview:-1"},"og_locale":"es_MX","og_type":"article","og_title":"BARRIO CERRADO VILLA LAS MERCEDES \/ Contacto \/ Landing Campa\u00f1a - Blog Inmobiliaria del Este","og_description":"Viv\u00ed el verano todo el a\u00f1o Barrio cerrado en San Bernardino, con vista al lago y financiaci\u00f3n propia Agend\u00e1 tu visita","og_url":"https:\/\/www.idesa.com.py\/blog\/barrio-cerrado-villa-las-mercedes-contacto-landing-campana\/","og_site_name":"Blog Inmobiliaria del Este","article_publisher":"https:\/\/www.facebook.com\/IdesaPY","article_modified_time":"2026-01-27T13:46:21+00:00","og_image":[{"width":1024,"height":767,"url":"https:\/\/www.idesa.com.py\/blog\/wp-content\/uploads\/2026\/01\/DJI_0201-1024x767.jpg","type":"image\/jpeg"}],"twitter_card":"summary_large_image","twitter_site":"@Idesa_py","twitter_misc":{"Tiempo de lectura":"1 minuto"},"schema":{"@context":"https:\/\/schema.org","@graph":[{"@type":"WebPage","@id":"https:\/\/www.idesa.com.py\/blog\/barrio-cerrado-villa-las-mercedes-contacto-landing-campana\/","url":"https:\/\/www.idesa.com.py\/blog\/barrio-cerrado-villa-las-mercedes-contacto-landing-campana\/","name":"BARRIO CERRADO VILLA LAS MERCEDES \/ Contacto \/ Landing Campa\u00f1a - Blog Inmobiliaria del Este","isPartOf":{"@id":"https:\/\/www.idesa.com.py\/blog\/#website"},"primaryImageOfPage":{"@id":"https:\/\/www.idesa.com.py\/blog\/barrio-cerrado-villa-las-mercedes-contacto-landing-campana\/#primaryimage"},"image":{"@id":"https:\/\/www.idesa.com.py\/blog\/barrio-cerrado-villa-las-mercedes-contacto-landing-campana\/#primaryimage"},"thumbnailUrl":"https:\/\/www.idesa.com.py\/blog\/wp-content\/uploads\/2026\/01\/DJI_0201-scaled.jpg","datePublished":"2026-01-27T13:42:23+00:00","dateModified":"2026-01-27T13:46:21+00:00","breadcrumb":{"@id":"https:\/\/www.idesa.com.py\/blog\/barrio-cerrado-villa-las-mercedes-contacto-landing-campana\/#breadcrumb"},"inLanguage":"es","potentialAction":[{"@type":"ReadAction","target":["https:\/\/www.idesa.com.py\/blog\/barrio-cerrado-villa-las-mercedes-contacto-landing-campana\/"]}]},{"@type":"ImageObject","inLanguage":"es","@id":"https:\/\/www.idesa.com.py\/blog\/barrio-cerrado-villa-las-mercedes-contacto-landing-campana\/#primaryimage","url":"https:\/\/www.idesa.com.py\/blog\/wp-content\/uploads\/2026\/01\/DJI_0201-scaled.jpg","contentUrl":"https:\/\/www.idesa.com.py\/blog\/wp-content\/uploads\/2026\/01\/DJI_0201-scaled.jpg","width":2560,"height":1917},{"@type":"BreadcrumbList","@id":"https:\/\/www.idesa.com.py\/blog\/barrio-cerrado-villa-las-mercedes-contacto-landing-campana\/#breadcrumb","itemListElement":[{"@type":"ListItem","position":1,"name":"Inicio","item":"https:\/\/www.idesa.com.py\/blog\/"},{"@type":"ListItem","position":2,"name":"BARRIO CERRADO VILLA LAS MERCEDES \/ Contacto \/ Landing Campa\u00f1a"}]},{"@type":"WebSite","@id":"https:\/\/www.idesa.com.py\/blog\/#website","url":"https:\/\/www.idesa.com.py\/blog\/","name":"Blog IDESA","description":"Inmobiliaria del Este - M\u00e1ximo Respaldo a tu inversi\u00f3n","publisher":{"@id":"https:\/\/www.idesa.com.py\/blog\/#organization"},"potentialAction":[{"@type":"SearchAction","target":{"@type":"EntryPoint","urlTemplate":"https:\/\/www.idesa.com.py\/blog\/?s={search_term_string}"},"query-input":{"@type":"PropertyValueSpecification","valueRequired":true,"valueName":"search_term_string"}}],"inLanguage":"es"},{"@type":"Organization","@id":"https:\/\/www.idesa.com.py\/blog\/#organization","name":"Blog IDESA","url":"https:\/\/www.idesa.com.py\/blog\/","logo":{"@type":"ImageObject","inLanguage":"es","@id":"https:\/\/www.idesa.com.py\/blog\/#\/schema\/logo\/image\/","url":"https:\/\/www.idesa.com.py\/blog\/wp-content\/uploads\/2024\/05\/cropped-Proyecto-nuevo-1.png","contentUrl":"https:\/\/www.idesa.com.py\/blog\/wp-content\/uploads\/2024\/05\/cropped-Proyecto-nuevo-1.png","width":512,"height":512,"caption":"Blog IDESA"},"image":{"@id":"https:\/\/www.idesa.com.py\/blog\/#\/schema\/logo\/image\/"},"sameAs":["https:\/\/www.facebook.com\/IdesaPY","https:\/\/x.com\/Idesa_py","https:\/\/www.instagram.com\/inmobiliariadeleste\/"]}]}},"_links":{"self":[{"href":"https:\/\/www.idesa.com.py\/blog\/wp-json\/wp\/v2\/pages\/2913","targetHints":{"allow":["GET"]}}],"collection":[{"href":"https:\/\/www.idesa.com.py\/blog\/wp-json\/wp\/v2\/pages"}],"about":[{"href":"https:\/\/www.idesa.com.py\/blog\/wp-json\/wp\/v2\/types\/page"}],"author":[{"embeddable":true,"href":"https:\/\/www.idesa.com.py\/blog\/wp-json\/wp\/v2\/users\/990004"}],"replies":[{"embeddable":true,"href":"https:\/\/www.idesa.com.py\/blog\/wp-json\/wp\/v2\/comments?post=2913"}],"version-history":[{"count":37,"href":"https:\/\/www.idesa.com.py\/blog\/wp-json\/wp\/v2\/pages\/2913\/revisions"}],"predecessor-version":[{"id":2993,"href":"https:\/\/www.idesa.com.py\/blog\/wp-json\/wp\/v2\/pages\/2913\/revisions\/2993"}],"wp:featuredmedia":[{"embeddable":true,"href":"https:\/\/www.idesa.com.py\/blog\/wp-json\/wp\/v2\/media\/2968"}],"wp:attachment":[{"href":"https:\/\/www.idesa.com.py\/blog\/wp-json\/wp\/v2\/media?parent=2913"}],"curies":[{"name":"wp","href":"https:\/\/api.w.org\/{rel}","templated":true}]}}